{"id":43,"date":"2018-10-30T15:07:33","date_gmt":"2018-10-30T14:07:33","guid":{"rendered":"http:\/\/77.90.130.244\/blog\/?page_id=43"},"modified":"2026-01-08T15:25:16","modified_gmt":"2026-01-08T14:25:16","slug":"mittelstufe","status":"publish","type":"page","link":"https:\/\/www.sfz-friedberg.de\/index.php\/schule\/mittelstufe\/","title":{"rendered":"Mittelstufe: Klassen 3 bis 6"},"content":{"rendered":"<h3 class=\"FESTSCHRIFTberschrift\"><button id=\"listenButton1\" class=\"responsivevoice-button\" type=\"button\" value=\"Play\" title=\"ResponsiveVoice Tap to Start\/Stop Speech\"><span>&#128266; Text zu Sprache<\/span><\/button>\n        <script>\n            listenButton1.onclick = function(){\n                if(responsiveVoice.isPlaying()){\n                    responsiveVoice.cancel();\n                }else{\n                    responsiveVoice.speak(\"Die Mittelstufe, das ist die Zwischenstufe, oder die \u201eSandwichstufe\u201c zwischen Unterstufe und Oberstufe und umfasst die\u00a0Klassen 3 bis 6. Zur Mittelstufe geh\u00f6rt auch Cino, der Klassenhund, der Frau Wittmann einmal die Woche in den Unterricht begleitet. Was macht die Mittelstufe aus? Uns ist die F\u00f6rderung des\u00a0sozialen Lernens\u00a0sehr wichtig. Aus unserer Arbeit an sozialen Zielen innerhalb der Klassen mit Hilfe des TeamPinBoards entwickelte sich die Idee des gemeinsamen Schulziels. Wir bilden\u00a0Streitschlichter\u00a0ab der 5. Klasse aus. Diese Sch\u00fclerinnen und Sch\u00fcler tragen aktiv zu einer friedlichen Pause bei und lernen den kompetenten Umgang mit Konflikten. Wiederum ums soziale Lernen geht es bei\u00a0SoKo,\u00a0einem regelm\u00e4\u00dfigen Projekt mit Themen aus dem Sachunterricht. Hierbei wird der Klassenverband aufgel\u00f6st und die Sch\u00fclerinnen und Sch\u00fcler arbeiten in klassen\u00fcbergreifenden Arbeitsgruppen an\u00a0sozialen und\u00a0kognitiven Kompetenzen. Dieses Projekt k\u00f6nnen wir leider immer\u00a0 nur anbieten, wenn uns gen\u00fcgend Personalressourcen zur Verf\u00fcgung stehen, so dass es aktuell nicht stattfinden kann. Nat\u00fcrlich bem\u00fchen wir uns die Inhalte w\u00e4hrend anderer Unterrichtseinheiten trotzdem mit zu vermitteln.\u00a0 Die Mittelstufe bereitet au\u00dferdem in den Jahrgangsstufe 5\/6 gezielt auf die Oberstufe vor. So wird zunehmend Wert gelegt auf selbstst\u00e4ndiges Handeln und Lebensorientierung im Alltag. In den 6. Klassen wird dazu auch eine Projektwoche durchgef\u00fchrt in der gezielt Alltagskompetenzen thematisiert und aufgebaut werden. In den F\u00e4chern Ern\u00e4hrung und Soziales sowie in Werken und Gestalten werden zudem auch praktische und handwerkliche Fertigkeiten angebahnt. Unsere Stufe zeichnet sich auch durch besondere Aktionen aus. Dazu geh\u00f6ren unter anderem eine Theaterfahrt oder der Besuch im M\u00e4rchenzelt, ein Schlittschuh- oder Kinotag, der Fit-for-Fun-Tag mit gesunder Ern\u00e4hrung, Bewegung, Sport, Spiel und Spa\u00df. Im Juli finden ausgew\u00e4hlte Freibadtage statt. Auch Fahrten ins Schullandheim sind immer wieder wichtiger und besonderer Lernanlass.\u00a0 Alle Lehrkr\u00e4fte der Mittelstufe treffen sich regelm\u00e4\u00dfig in den Teams f\u00fcr die Jahrgangsstufen 3\/4 und 5\/6. Dort wird die aktuelle Situation in den Klassen besprochen, es findet ein reger Austausch statt \u2013 informell oder nach der Struktur einer kollegialen Fallbesprechung \u2013 Ideen werden weitergegeben, kurze Fortbildungen werden gehalten und Materialien werden vorgestellt Auf der Basis der Grund- und Mittelschullehrpl\u00e4ne sowie des Rahmenlehrplans f\u00fcr den F\u00f6rderschwerpunkt Lernen entwickelten wir schulinterne Curricula. In unserer Stufe gibt es keine Notengebung. Die Sch\u00fclerinnen und Sch\u00fcler werden nach ihrem individuellen Leistungsstand bewertet und bekommen R\u00fcckmeldung \u00fcber ihren Lernfortschritt. Zum Halbjahr finden Lernentwicklungsgespr\u00e4che in allen Klassen der Mittelstufe statt. Das packen wir gemeinsam ein\/an.\", \"Deutsch Female\");\n                }\n            };\n        <\/script>\n    <\/h3>\n<p style=\"background: white; margin: 0cm 0cm 18.0pt 0cm;\"><span style=\"font-size: 13.5pt; font-family: 'Arial',sans-serif; color: #5d5d5d;\">Die Mittelstufe, das ist die Zwischenstufe, oder die \u201eSandwichstufe\u201c zwischen Unterstufe und Oberstufe und umfasst die\u00a0<strong><span style=\"font-family: 'Arial',sans-serif;\">Klassen 3 bis 6.<\/span><\/strong><br \/>\nZur Mittelstufe geh\u00f6rt auch Cino, der Klassenhund, der Frau Wittmann einmal die Woche in den Unterricht begleitet.<\/span><\/p>\n<p style=\"background: white; margin: 0cm 0cm 18.0pt 0cm;\"><strong><span style=\"font-size: 13.5pt; font-family: 'Arial',sans-serif; color: #5d5d5d;\">Was macht die Mittelstufe aus?<\/span><\/strong><\/p>\n<p style=\"background: white; margin: 0cm 0cm 18.0pt 0cm;\"><span style=\"font-size: 13.5pt; font-family: 'Arial',sans-serif; color: #5d5d5d;\">Uns ist die F\u00f6rderung des\u00a0<strong><span style=\"font-family: 'Arial',sans-serif;\">sozialen Lernens<\/span><\/strong>\u00a0sehr wichtig. Aus unserer Arbeit an sozialen Zielen innerhalb der Klassen mit Hilfe des TeamPinBoards entwickelte sich die Idee des gemeinsamen Schulziels.<br \/>\nWir bilden\u00a0<strong><span style=\"font-family: 'Arial',sans-serif;\">Streitschlichter<\/span><\/strong>\u00a0ab der 5. Klasse aus. Diese Sch\u00fclerinnen und Sch\u00fcler tragen aktiv zu einer friedlichen Pause bei und lernen den kompetenten Umgang mit Konflikten.<br \/>\nWiederum ums soziale Lernen geht es bei\u00a0<strong><span style=\"font-family: 'Arial',sans-serif;\">SoKo,<\/span><\/strong>\u00a0einem regelm\u00e4\u00dfigen Projekt mit Themen aus dem Sachunterricht. Hierbei wird der Klassenverband aufgel\u00f6st und die Sch\u00fclerinnen und Sch\u00fcler arbeiten in klassen\u00fcbergreifenden Arbeitsgruppen an\u00a0<strong><span style=\"font-family: 'Arial',sans-serif;\">so<\/span><\/strong>zialen und\u00a0<strong><span style=\"font-family: 'Arial',sans-serif;\">ko<\/span><\/strong>gnitiven Kompetenzen. Dieses Projekt k\u00f6nnen wir leider immer\u00a0 nur anbieten, wenn uns gen\u00fcgend Personalressourcen zur Verf\u00fcgung stehen, so dass es aktuell nicht stattfinden kann. Nat\u00fcrlich bem\u00fchen wir uns die Inhalte w\u00e4hrend anderer Unterrichtseinheiten trotzdem mit zu vermitteln.\u00a0<\/span><\/p>\n<p style=\"background: white; margin: 0cm 0cm 18.0pt 0cm;\"><span style=\"font-size: 13.5pt; font-family: 'Arial',sans-serif; color: #5d5d5d;\">Die Mittelstufe bereitet au\u00dferdem in den Jahrgangsstufe 5\/6 gezielt auf die Oberstufe vor. So wird zunehmend Wert gelegt auf selbstst\u00e4ndiges Handeln und Lebensorientierung im Alltag. In den 6. Klassen wird dazu auch eine Projektwoche durchgef\u00fchrt in der gezielt Alltagskompetenzen thematisiert und aufgebaut werden. In den F\u00e4chern Ern\u00e4hrung und Soziales sowie in Werken und Gestalten werden zudem auch praktische und handwerkliche Fertigkeiten angebahnt.<\/span><\/p>\n<p style=\"background: white; margin: 0cm 0cm 18.0pt 0cm;\"><span style=\"font-size: 13.5pt; font-family: 'Arial',sans-serif; color: #5d5d5d;\">Unsere Stufe zeichnet sich auch durch besondere Aktionen aus. Dazu geh\u00f6ren unter anderem eine Theaterfahrt oder der Besuch im M\u00e4rchenzelt, ein Schlittschuh- oder Kinotag, der Fit-for-Fun-Tag mit gesunder Ern\u00e4hrung, Bewegung, Sport, Spiel und Spa\u00df. Im Juli finden ausgew\u00e4hlte Freibadtage statt. Auch Fahrten ins Schullandheim sind immer wieder wichtiger und besonderer Lernanlass.\u00a0<\/span><\/p>\n<p style=\"background: white; margin: 0cm 0cm 18.0pt 0cm;\"><span style=\"font-size: 13.5pt; font-family: 'Arial',sans-serif; color: #5d5d5d;\">Alle Lehrkr\u00e4fte der Mittelstufe treffen sich regelm\u00e4\u00dfig in den Teams f\u00fcr die Jahrgangsstufen 3\/4 und 5\/6. Dort wird die aktuelle Situation in den Klassen besprochen, es findet ein reger Austausch statt \u2013 informell oder nach der Struktur einer kollegialen Fallbesprechung \u2013 Ideen werden weitergegeben, kurze Fortbildungen werden gehalten und Materialien werden vorgestellt Auf der Basis der Grund- und Mittelschullehrpl\u00e4ne sowie des Rahmenlehrplans f\u00fcr den F\u00f6rderschwerpunkt Lernen entwickelten wir schulinterne Curricula. In unserer Stufe gibt es keine Notengebung. Die Sch\u00fclerinnen und Sch\u00fcler werden nach ihrem individuellen Leistungsstand bewertet und bekommen R\u00fcckmeldung \u00fcber ihren Lernfortschritt. Zum Halbjahr finden Lernentwicklungsgespr\u00e4che in allen Klassen der Mittelstufe statt.<\/span><\/p>\n<p><img loading=\"lazy\" decoding=\"async\" class=\"alignnone size-full wp-image-287\" src=\"https:\/\/www.sfz-friedberg.de\/wp-content\/uploads\/2018\/11\/Mittelstufe.png\" alt=\"\" width=\"488\" height=\"290\" \/><\/p>\n<p><strong>Das packen wir gemeinsam ein\/an.<\/strong><\/p>\n","protected":false},"excerpt":{"rendered":"<p>Die Mittelstufe, das ist die Zwischenstufe, oder die \u201eSandwichstufe\u201c zwischen Unterstufe und Oberstufe und umfasst die\u00a0Klassen 3 bis 6. Zur &hellip; <\/p>\n","protected":false},"author":1,"featured_media":0,"parent":31,"menu_order":0,"comment_status":"closed","ping_status":"closed","template":"","meta":{"footnotes":""},"class_list":["post-43","page","type-page","status-publish","hentry"],"_links":{"self":[{"href":"https:\/\/www.sfz-friedberg.de\/index.php\/wp-json\/wp\/v2\/pages\/43","targetHints":{"allow":["GET"]}}],"collection":[{"href":"https:\/\/www.sfz-friedberg.de\/index.php\/wp-json\/wp\/v2\/pages"}],"about":[{"href":"https:\/\/www.sfz-friedberg.de\/index.php\/wp-json\/wp\/v2\/types\/page"}],"author":[{"embeddable":true,"href":"https:\/\/www.sfz-friedberg.de\/index.php\/wp-json\/wp\/v2\/users\/1"}],"replies":[{"embeddable":true,"href":"https:\/\/www.sfz-friedberg.de\/index.php\/wp-json\/wp\/v2\/comments?post=43"}],"version-history":[{"count":12,"href":"https:\/\/www.sfz-friedberg.de\/index.php\/wp-json\/wp\/v2\/pages\/43\/revisions"}],"predecessor-version":[{"id":2025,"href":"https:\/\/www.sfz-friedberg.de\/index.php\/wp-json\/wp\/v2\/pages\/43\/revisions\/2025"}],"up":[{"embeddable":true,"href":"https:\/\/www.sfz-friedberg.de\/index.php\/wp-json\/wp\/v2\/pages\/31"}],"wp:attachment":[{"href":"https:\/\/www.sfz-friedberg.de\/index.php\/wp-json\/wp\/v2\/media?parent=43"}],"curies":[{"name":"wp","href":"https:\/\/api.w.org\/{rel}","templated":true}]}}