{"id":477,"date":"2018-12-07T15:46:02","date_gmt":"2018-12-07T14:46:02","guid":{"rendered":"http:\/\/www.sfz-friedberg.de\/?page_id=477"},"modified":"2024-10-02T10:01:10","modified_gmt":"2024-10-02T08:01:10","slug":"studienseminar","status":"publish","type":"page","link":"https:\/\/www.sfz-friedberg.de\/index.php\/studienseminar\/","title":{"rendered":"Studienseminar"},"content":{"rendered":"<p>Seit dem Schuljahr 1996\/97 gibt es das <strong>Studienseminar Lernen II f\u00fcr das Lehramt f\u00fcr Sonderp\u00e4dagogik<\/strong> an der Vinzenz-Pallotti-Schule. <strong>Johanna Eicke<\/strong> war die erste Seminarleiterin, die das Studienseminar bis 2004 aufbaute. Ihre Nachfolgerin wurde unsere jetzige Schulleiterin, <strong>Diana Hertle<\/strong>, die die angehenden Sonderp\u00e4dagogen von 2004 bis 2012 ausbildete. Diese wiederum wurde von <strong>Annemie Sch\u00e4ffler <\/strong>abgel\u00f6st. Frau Sch\u00e4ffler f\u00fchrte das Seminar bis Juli 2024 und \u00fcbergab dessen Leitung dann an Herrn <strong>Fabian Schiefer<\/strong>.<\/p>\n<p>Wir freuen uns, dass wir in Zeiten des Lehrkr\u00e4ftemangels an F\u00f6rder-, Grund- und Mittelschulen junge, kompetente Studienreferendar\/-innen an unserer Schule ausbilden k\u00f6nnen. Durch das Seminar bekommen auch viele erfahrene Lehrkr\u00e4fte immer wieder neue Impulse zu modernen Unterrichtsmethoden und neuen Ans\u00e4tzen des Lernens.<br \/>\nDie Referendar\/-innen sind an Sonderp\u00e4dagogischen F\u00f6rderzentren im n\u00f6rdlichen Schwaben eingesetzt. Sie kommen zweimal w\u00f6chentlich von ihren Einsatzschulen zu den Seminarsitzungen an die Vinzenz-Pallotti-Schule. In ihrer Einsatzschule halten sie eigenverantwortlichen Unterricht. Dabei werden sie von einer Betreuungslehrkraft unterst\u00fctzt. Die Referendar\/-innen im 2. Dienstjahr haben eine eigene Klassenf\u00fchrung. Die Seminarleitung f\u00fchrt bei allen Referendar\/-innen Unterrichtsbesuche durch und bespricht diese anschlie\u00dfend mit ihnen.<\/p>\n<p>Die Arbeit im Seminar dient dazu, neueste wissenschaftliche Erkenntnisse und \u00dcberlegungen zum eigenen Unterricht miteinander zu verbinden. Wir arbeiten dazu in unserem Seminarraum zusammen, besuchen uns aber auch gegenseitig im Unterricht. Wir beraten dann gemeinsam \u00fcber Methoden, Unterrichtsaufbau und Techniken beim Unterrichten.<br \/>\nBesonders hilfreich ist es, wenn wir uns in unserer Rolle als Lehrer\/-in auch einmal selbst sehen k\u00f6nnen. Deshalb arbeiten wir mit Filmaufnahmen, die sich die Seminarleitung und die unterrichtende Lehrkraft noch einmal in Ruhe anschauen und besprechen k\u00f6nnen. Wir sind sehr dankbar, dass uns die Erziehungsberechtigten dazu ihr Einverst\u00e4ndnis geben und dadurch unsere Arbeit besonders unterst\u00fctzen.<\/p>\n","protected":false},"excerpt":{"rendered":"<p>Seit dem Schuljahr 1996\/97 gibt es das Studienseminar Lernen II f\u00fcr das Lehramt f\u00fcr Sonderp\u00e4dagogik an der Vinzenz-Pallotti-Schule. Johanna Eicke &hellip; <\/p>\n","protected":false},"author":1,"featured_media":0,"parent":0,"menu_order":0,"comment_status":"closed","ping_status":"closed","template":"","meta":{"footnotes":""},"class_list":["post-477","page","type-page","status-publish","hentry"],"_links":{"self":[{"href":"https:\/\/www.sfz-friedberg.de\/index.php\/wp-json\/wp\/v2\/pages\/477","targetHints":{"allow":["GET"]}}],"collection":[{"href":"https:\/\/www.sfz-friedberg.de\/index.php\/wp-json\/wp\/v2\/pages"}],"about":[{"href":"https:\/\/www.sfz-friedberg.de\/index.php\/wp-json\/wp\/v2\/types\/page"}],"author":[{"embeddable":true,"href":"https:\/\/www.sfz-friedberg.de\/index.php\/wp-json\/wp\/v2\/users\/1"}],"replies":[{"embeddable":true,"href":"https:\/\/www.sfz-friedberg.de\/index.php\/wp-json\/wp\/v2\/comments?post=477"}],"version-history":[{"count":5,"href":"https:\/\/www.sfz-friedberg.de\/index.php\/wp-json\/wp\/v2\/pages\/477\/revisions"}],"predecessor-version":[{"id":1798,"href":"https:\/\/www.sfz-friedberg.de\/index.php\/wp-json\/wp\/v2\/pages\/477\/revisions\/1798"}],"wp:attachment":[{"href":"https:\/\/www.sfz-friedberg.de\/index.php\/wp-json\/wp\/v2\/media?parent=477"}],"curies":[{"name":"wp","href":"https:\/\/api.w.org\/{rel}","templated":true}]}}